{"id":1254,"date":"2024-07-23T23:12:44","date_gmt":"2024-07-23T21:12:44","guid":{"rendered":"https:\/\/missiosancta.com\/?page_id=1254"},"modified":"2025-09-02T17:16:03","modified_gmt":"2025-09-02T15:16:03","slug":"retraite-et-formation","status":"publish","type":"page","link":"https:\/\/missiosancta.com\/en\/retraite-et-formation\/","title":{"rendered":"Retraite et formation"},"content":{"rendered":"<div data-elementor-type=\"wp-page\" data-elementor-id=\"1254\" class=\"elementor elementor-1254\">\n\t\t\t\t<div class=\"elementor-element elementor-element-629d616 e-con-full e-flex e-con e-parent\" data-id=\"629d616\" data-element_type=\"container\" data-settings=\"{&quot;background_background&quot;:&quot;classic&quot;}\">\n\t\t\t\t<\/div>\n\t\t<div class=\"elementor-element elementor-element-23aa54c e-flex e-con-boxed e-con e-parent\" data-id=\"23aa54c\" data-element_type=\"container\">\n\t\t\t\t\t<div class=\"e-con-inner\">\n\t\t\t\t<div class=\"elementor-element elementor-element-fd3a860 elementor-widget elementor-widget-text-editor\" data-id=\"fd3a860\" data-element_type=\"widget\" data-widget_type=\"text-editor.default\">\n\t\t\t\t<div class=\"elementor-widget-container\">\n\t\t\t\t\t\t\t\t\t<p><strong>Rencontre \u00e0 l\u2019abbaye de Sept-Fons<\/strong><\/p><p>\u00a0\u00a0\u00a0\u00a0\u00a0\u00a0\u00a0\u00a0 Les 27-28-29 juin 2024, les membres fondateurs de l\u2019association Missio Sancta se sont retrouv\u00e9s \u00e0 l\u2019Abbaye de Sept-Fons (dioc\u00e8se de Moulins) pour discerner les projets remont\u00e9s par les communaut\u00e9s visit\u00e9es \u00e0 Madagascar durant l\u2019ann\u00e9e 2023. Un des objectifs de la rencontre \u00e9tait d\u2019exercer notre discernement en regard de la Tradition Catholique, ce qui a \u00e9t\u00e9 possible gr\u00e2ce \u00e0 l\u2019\u00e9clairage apport\u00e9 par l\u2019enseignement de Mr le chanoine ZUREK (i.c.r.s.p) venu tout expr\u00e8s.<\/p><p>Nous arrivions de l\u2019Allier, la Dordogne, la Bresse, le Tarn et Garonne et m\u00eame de la Gruy\u00e8re Suisse\u00a0!<\/p><p>Le cadre de cette retraite, dans une abbaye cistercienne, n\u2019a pas \u00e9t\u00e9 choisi au hasard\u2026 il est important de le rappeler \u00a0:<\/p><p><em>\u00ab\u00a0La vie monastique en g\u00e9n\u00e9ral est une vie\u00a0:<\/em><\/p><ul><li><em>de pri\u00e8re (rester unis \u00e0 Dieu),<\/em><\/li><li><em>de louange (par la pri\u00e8re publique ou Office Divin),<\/em><\/li><li><em>d&rsquo;intercession (en vue du salut de tous les hommes),<\/em><\/li><li><em>de suppl\u00e9ance (en faveur et \u00e0 la place de ceux qui ne peuvent rendre \u00e0 Dieu les actes de religion qui lui sont d\u00fbs).<\/em><\/li><\/ul><p><em>Toute vie chr\u00e9tienne consiste \u00e0 vivre dans une relation intime avec la personne divine et humaine de Notre Seigneur J\u00e9sus-Christ. La vie monastique n&rsquo;a pas d&rsquo;autre but. Mais elle offre, \u00e0 celui qui en a re\u00e7u la vocation, un cadre et des moyens permettant d&rsquo;atteindre ce but plus s\u00fbrement.<\/em><\/p><p><strong><em>La vie monastique cistercienne trappiste se caract\u00e9rise par une vie contemplative (sans autre apostolat que celui de la pri\u00e8re) qui se veut plus fid\u00e8le \u00e0 la R\u00e8gle de Saint Beno\u00eet.\u00a0\u00bb<\/em><\/strong><\/p><p><strong><em>Extrait tir\u00e9 de la pr\u00e9sentation de l\u2019abbaye sur le site<\/em><\/strong><\/p><p>\u00a0\u00a0\u00a0\u00a0\u00a0\u00a0\u00a0\u00a0\u00a0\u00a0\u00a0\u00a0\u00a0 Entre les temps d\u2019enseignement et d\u2019\u00e9change entre nous, nous avons eu le d\u00e9sir de participer \u00e0 la vie contemplative des moines, rythm\u00e9e par 7 temps de pri\u00e8res dans la journ\u00e9e\u00a0: Matines (temps r\u00e9serv\u00e9 aux hommes), Laudes, Tierce, Sexte, None, V\u00eapres et Complies, et ces temps de pri\u00e8res nous ont \u00e9t\u00e9 d\u2019une grande aide pour mieux percevoir le l\u2019enseignement que nous avons re\u00e7u, en coeur \u00e0 coeur avec Dieu, dans le silence et la psalmodie, entrecoup\u00e9s d\u2019\u00e9changes et de r\u00e9flexions partag\u00e9es.<\/p><p>\u00a0\u00a0\u00a0\u00a0\u00a0\u00a0\u00a0\u00a0\u00a0\u00a0\u00a0 N\u2019\u00e9tant pas avec les moines au r\u00e9fectoire, mais dans une salle \u00e0 manger familiale de l\u2019h\u00f4tellerie, les temps de repas ont permis \u00e9galement de nombreux dialogues et nous avons pu prendre le temps de mieux nous conna\u00eetre et de mieux cerner la motivation de chacun sur son d\u00e9sir de \u00ab\u00a0prendre le bateau\u00a0\u00bb Missio Sancta et d\u2019en garder le cap\u00a0!<\/p><p>Notre question essentielle et que nous avons pos\u00e9e \u00e0 Mr le Chanoine ZUREK \u00e9tait celle-ci\u00a0:<\/p><p>\u00a0<strong>\u00ab\u00a0Qu\u2019est-ce qu\u2019\u00eatre missionnaire dans la tradition catholique\u00a0?\u00a0\u00bb<\/strong><\/p><p>\u00a0\u00a0\u00a0\u00a0\u00a0\u00a0\u00a0\u00a0\u00a0\u00a0\u00a0 \u00c0 travers de nombreuses r\u00e9f\u00e9rences permettant de cheminer dans les r\u00e9ponses apport\u00e9es, nous repartons avec le d\u00e9sir de continuer notre formation afin que, comme les missionnaires eux-m\u00eames, nous soyons \u00e0 l\u2019aise dans notre mission au service de Missio Sancta. Il est fondamental d\u2019instaurer lors de nos visites un dialogue bas\u00e9 sur les fondamentaux de l\u2019\u00c9glise catholique\u00a0: Foi <strong>ET<\/strong> Raison doivent naviguer ensemble afin de mieux discerner ce qui nous est propos\u00e9 et ainsi aider les missionnaires dans leur vocation.\u00a0 Une prochaine rencontre est pr\u00e9vue d\u00e9but octobre, elle fera l\u2019objet d\u2019une nouvelle que nous vous partagerons bien volontiers.<\/p><p>\u00a0\u00a0\u00a0\u00a0\u00a0\u00a0\u00a0\u00a0\u00a0\u00a0\u00a0 A l\u2019issu de ce temps spirituel fort riche, nous choisissons de prendre cette phrase en guise de signature pour nos courriers \u00e9lectroniques\u00a0:<em> \u00ab\u00a0100\u00a0% des dons revers\u00e9s aux missions catholiques qui visent d\u2019abord le salut des \u00e2mes\u00a0\u00bb<\/em>.<\/p><p>Le lancement de Missio Sancta a suscit\u00e9 de nombreuses interrogations et des t\u00e9moignages d\u2019encouragement qui nous arrivent par des pr\u00eatres, des religieux et des religieuses mais aussi par la poursuite des donations.<\/p><p>Voici un exemple d\u2019encouragement particuli\u00e8rement marquant\u00a0: <em>\u00ab\u00a0Vous avez fait le choix libre de redevenir petits et de faire des choses simples\u00a0\u00bb&#8230;<\/em><\/p><p>Abbaye de Sept-Fons le 29 juin 2024<\/p><p>Genevi\u00e8ve BOUDARD pour Missio Sancta<\/p><p>\u00a0<\/p><p>\u00a0<\/p>\t\t\t\t\t\t\t\t<\/div>\n\t\t\t\t<\/div>\n\t\t\t\t\t<\/div>\n\t\t\t\t<\/div>\n\t\t\t\t<\/div>","protected":false},"excerpt":{"rendered":"<p>Rencontre \u00e0 l\u2019abbaye de Sept-Fons \u00a0\u00a0\u00a0\u00a0\u00a0\u00a0\u00a0\u00a0 Les 27-28-29 juin 2024, les membres fondateurs de l\u2019association Missio Sancta se sont retrouv\u00e9s \u00e0 l\u2019Abbaye [&hellip;]<\/p>","protected":false},"author":1,"featured_media":0,"parent":0,"menu_order":0,"comment_status":"closed","ping_status":"closed","template":"","meta":{"footnotes":""},"_links":{"self":[{"href":"https:\/\/missiosancta.com\/en\/wp-json\/wp\/v2\/pages\/1254"}],"collection":[{"href":"https:\/\/missiosancta.com\/en\/wp-json\/wp\/v2\/pages"}],"about":[{"href":"https:\/\/missiosancta.com\/en\/wp-json\/wp\/v2\/types\/page"}],"author":[{"embeddable":true,"href":"https:\/\/missiosancta.com\/en\/wp-json\/wp\/v2\/users\/1"}],"replies":[{"embeddable":true,"href":"https:\/\/missiosancta.com\/en\/wp-json\/wp\/v2\/comments?post=1254"}],"version-history":[{"count":10,"href":"https:\/\/missiosancta.com\/en\/wp-json\/wp\/v2\/pages\/1254\/revisions"}],"predecessor-version":[{"id":2602,"href":"https:\/\/missiosancta.com\/en\/wp-json\/wp\/v2\/pages\/1254\/revisions\/2602"}],"wp:attachment":[{"href":"https:\/\/missiosancta.com\/en\/wp-json\/wp\/v2\/media?parent=1254"}],"curies":[{"name":"wp","href":"https:\/\/api.w.org\/{rel}","templated":true}]}}